{"id":674,"date":"2019-02-06T10:35:24","date_gmt":"2019-02-06T09:35:24","guid":{"rendered":"http:\/\/www.leweb.design\/interface\/?page_id=674"},"modified":"2019-02-06T22:42:20","modified_gmt":"2019-02-06T21:42:20","slug":"print","status":"publish","type":"page","link":"http:\/\/www.leweb.design\/interface\/print\/","title":{"rendered":"PRINT"},"content":{"rendered":"<p>[et_pb_section fb_built=\u00a0\u00bb1&Prime; _builder_version=\u00a0\u00bb3.19.12&Prime; background_image=\u00a0\u00bbhttp:\/\/www.leweb.design\/interface\/wp-content\/uploads\/2019\/02\/IMG_4371.jpg\u00a0\u00bb custom_padding=\u00a0\u00bb0|0px|73px|0px|false|false\u00a0\u00bb bottom_divider_style=\u00a0\u00bbasymmetric\u00a0\u00bb bottom_divider_color=\u00a0\u00bb#cecece\u00a0\u00bb bottom_divider_height=\u00a0\u00bb70px\u00a0\u00bb bottom_divider_arrangement=\u00a0\u00bbabove_content\u00a0\u00bb][et_pb_row custom_padding=\u00a0\u00bb23.4688px|0px|0|0px|false|false\u00a0\u00bb _builder_version=\u00a0\u00bb3.19.12&Prime;][et_pb_column type=\u00a0\u00bb4_4&Prime; _builder_version=\u00a0\u00bb3.19.12&Prime; parallax=\u00a0\u00bboff\u00a0\u00bb parallax_method=\u00a0\u00bbon\u00a0\u00bb][et_pb_image src=\u00a0\u00bbhttp:\/\/www.leweb.design\/interface\/wp-content\/uploads\/2019\/02\/titre-gabarit.png\u00a0\u00bb admin_label=\u00a0\u00bbprint titre\u00a0\u00bb _builder_version=\u00a0\u00bb3.19.12&Prime;][\/et_pb_image][\/et_pb_column][\/et_pb_row][\/et_pb_section][et_pb_section fb_built=\u00a0\u00bb1&Prime; _builder_version=\u00a0\u00bb3.19.12&Prime; background_color=\u00a0\u00bb#cecece\u00a0\u00bb custom_padding=\u00a0\u00bb0|0px|0|0px|false|false\u00a0\u00bb][et_pb_row _builder_version=\u00a0\u00bb3.19.12&Prime;][et_pb_column type=\u00a0\u00bb4_4&Prime; _builder_version=\u00a0\u00bb3.19.12&Prime; parallax=\u00a0\u00bboff\u00a0\u00bb parallax_method=\u00a0\u00bbon\u00a0\u00bb][et_pb_text admin_label=\u00a0\u00bbtitre\u00a0\u00bb _builder_version=\u00a0\u00bb3.19.12&Prime; header_font=\u00a0\u00bb||||||||\u00a0\u00bb]<\/p>\n<h1>FLYER\/DECLINAISON<\/h1>\n<p>\u00a0<span style=\"font-size: 14px;\">Cr\u00e9ation du flyer pour une soir\u00e9e Parisienne drum&amp;bass. <\/span><span style=\"font-size: 14px;\">D\u00e9clinaison du flyer en vid\u00e9o pour l&rsquo;\u00e9v\u00e8nement Facebook.<\/span><\/p>\n<p>[\/et_pb_text][\/et_pb_column][\/et_pb_row][\/et_pb_section][et_pb_section fb_built=\u00a0\u00bb1&Prime; specialty=\u00a0\u00bbon\u00a0\u00bb next_background_color=\u00a0\u00bb#b7b7b7&Prime; _builder_version=\u00a0\u00bb3.19.12&Prime; background_color=\u00a0\u00bb#cecece\u00a0\u00bb custom_padding=\u00a0\u00bb0|0px|54px|0px|false|false\u00a0\u00bb top_divider_height=\u00a0\u00bb0px\u00a0\u00bb bottom_divider_style=\u00a0\u00bbasymmetric\u00a0\u00bb bottom_divider_height=\u00a0\u00bb68px\u00a0\u00bb][et_pb_column type=\u00a0\u00bb1_2&Prime; _builder_version=\u00a0\u00bb3.0.47&Prime; parallax__hover=\u00a0\u00bboff\u00a0\u00bb parallax_method__hover=\u00a0\u00bbon\u00a0\u00bb parallax=\u00a0\u00bboff\u00a0\u00bb parallax_method=\u00a0\u00bbon\u00a0\u00bb][et_pb_image src=\u00a0\u00bbhttp:\/\/www.leweb.design\/interface\/wp-content\/uploads\/2019\/02\/flyer-final.jpg\u00a0\u00bb _builder_version=\u00a0\u00bb3.19.12&Prime; custom_margin=\u00a0\u00bb-32px||\u00a0\u00bb custom_padding=\u00a0\u00bb0px||\u00a0\u00bb][\/et_pb_image][\/et_pb_column][et_pb_column type=\u00a0\u00bb1_2&Prime; specialty_columns=\u00a0\u00bb2&Prime; _builder_version=\u00a0\u00bb3.0.47&Prime; parallax__hover=\u00a0\u00bboff\u00a0\u00bb parallax_method__hover=\u00a0\u00bbon\u00a0\u00bb parallax=\u00a0\u00bboff\u00a0\u00bb parallax_method=\u00a0\u00bbon\u00a0\u00bb][et_pb_row_inner custom_padding=\u00a0\u00bb0|0|19px|0px|false|false\u00a0\u00bb _builder_version=\u00a0\u00bb3.19.12&Prime; background_video_width=\u00a0\u00bb500&Prime; background_video_height=\u00a0\u00bb260&Prime; background_video_pause_outside_viewport=\u00a0\u00bboff\u00a0\u00bb][et_pb_column_inner type=\u00a0\u00bb4_4&Prime; saved_specialty_column_type=\u00a0\u00bb1_2&Prime; _builder_version=\u00a0\u00bb3.0.47&Prime; parallax__hover=\u00a0\u00bboff\u00a0\u00bb parallax_method__hover=\u00a0\u00bbon\u00a0\u00bb parallax=\u00a0\u00bboff\u00a0\u00bb parallax_method=\u00a0\u00bbon\u00a0\u00bb][et_pb_video src=\u00a0\u00bbhttp:\/\/www.leweb.design\/interface\/wp-content\/uploads\/2019\/02\/teaser3.mp4&Prime; _builder_version=\u00a0\u00bb3.19.12&Prime;][\/et_pb_video][\/et_pb_column_inner][\/et_pb_row_inner][\/et_pb_column][\/et_pb_section][et_pb_section fb_built=\u00a0\u00bb1&Prime; _builder_version=\u00a0\u00bb3.19.12&Prime; background_color=\u00a0\u00bb#b7b7b7&Prime; custom_padding=\u00a0\u00bb0|0px|0|0px|false|false\u00a0\u00bb][et_pb_row _builder_version=\u00a0\u00bb3.19.12&Prime;][et_pb_column type=\u00a0\u00bb4_4&Prime; _builder_version=\u00a0\u00bb3.19.12&Prime; parallax=\u00a0\u00bboff\u00a0\u00bb parallax_method=\u00a0\u00bbon\u00a0\u00bb][et_pb_text admin_label=\u00a0\u00bbtitre\u00a0\u00bb _builder_version=\u00a0\u00bb3.19.12&Prime; header_font=\u00a0\u00bb||||||||\u00a0\u00bb]<\/p>\n<h1>AFFICHE\/DECLINAISON<\/h1>\n<p>Cr\u00e9ation de l&rsquo;affiche du concert de Pierre Mari\u00e9tan. Design inspir\u00e9 des ann\u00e9es 30 revu et corrig\u00e9 fa\u00e7on actuelle.<br \/>D\u00e9clinaison du design graphique pour support \u00e9cran (\u00e9v\u00e8nement Facebook) et animation vid\u00e9o de type teaser.<\/p>\n<p>[\/et_pb_text][\/et_pb_column][\/et_pb_row][\/et_pb_section][et_pb_section fb_built=\u00a0\u00bb1&Prime; specialty=\u00a0\u00bbon\u00a0\u00bb next_background_color=\u00a0\u00bb#919191&Prime; _builder_version=\u00a0\u00bb3.19.12&Prime; background_color=\u00a0\u00bb#b7b7b7&Prime; custom_padding=\u00a0\u00bb0|0px|54px|0px|false|false\u00a0\u00bb bottom_divider_style=\u00a0\u00bbasymmetric\u00a0\u00bb bottom_divider_height=\u00a0\u00bb75px\u00a0\u00bb bottom_divider_flip=\u00a0\u00bbhorizontal\u00a0\u00bb][et_pb_column type=\u00a0\u00bb1_2&Prime; _builder_version=\u00a0\u00bb3.0.47&Prime; parallax__hover=\u00a0\u00bboff\u00a0\u00bb parallax_method__hover=\u00a0\u00bbon\u00a0\u00bb parallax=\u00a0\u00bboff\u00a0\u00bb parallax_method=\u00a0\u00bbon\u00a0\u00bb][et_pb_image src=\u00a0\u00bbhttp:\/\/www.leweb.design\/interface\/wp-content\/uploads\/2019\/02\/p-Marietan.jpg\u00a0\u00bb _builder_version=\u00a0\u00bb3.19.12&Prime; custom_margin=\u00a0\u00bb-32px||\u00a0\u00bb][\/et_pb_image][\/et_pb_column][et_pb_column type=\u00a0\u00bb1_2&Prime; specialty_columns=\u00a0\u00bb2&Prime; _builder_version=\u00a0\u00bb3.0.47&Prime; parallax__hover=\u00a0\u00bboff\u00a0\u00bb parallax_method__hover=\u00a0\u00bbon\u00a0\u00bb parallax=\u00a0\u00bboff\u00a0\u00bb parallax_method=\u00a0\u00bbon\u00a0\u00bb][et_pb_row_inner custom_padding=\u00a0\u00bb29.6875px|0px|180px|0px|false|false\u00a0\u00bb _builder_version=\u00a0\u00bb3.19.12&Prime; background_video_mp4=\u00a0\u00bbhttp:\/\/www.leweb.design\/interface\/wp-content\/uploads\/2019\/02\/PMarietant_videov2.mp4&Prime; background_video_width=\u00a0\u00bb500&Prime; background_video_height=\u00a0\u00bb260&Prime; background_video_pause_outside_viewport=\u00a0\u00bboff\u00a0\u00bb][et_pb_column_inner type=\u00a0\u00bb4_4&Prime; saved_specialty_column_type=\u00a0\u00bb1_2&Prime; _builder_version=\u00a0\u00bb3.0.47&Prime; parallax__hover=\u00a0\u00bboff\u00a0\u00bb parallax_method__hover=\u00a0\u00bbon\u00a0\u00bb parallax=\u00a0\u00bboff\u00a0\u00bb parallax_method=\u00a0\u00bbon\u00a0\u00bb][\/et_pb_column_inner][\/et_pb_row_inner][\/et_pb_column][\/et_pb_section][et_pb_section fb_built=\u00a0\u00bb1&Prime; _builder_version=\u00a0\u00bb3.19.12&Prime; background_color=\u00a0\u00bb#919191&Prime; custom_padding=\u00a0\u00bb0|0px|0|0px|false|false\u00a0\u00bb][et_pb_row custom_padding=\u00a0\u00bb27px|0px|25px|0px|false|false\u00a0\u00bb _builder_version=\u00a0\u00bb3.19.12&Prime;][et_pb_column type=\u00a0\u00bb4_4&Prime; _builder_version=\u00a0\u00bb3.19.12&Prime; parallax=\u00a0\u00bboff\u00a0\u00bb parallax_method=\u00a0\u00bbon\u00a0\u00bb][et_pb_text admin_label=\u00a0\u00bbtitre\u00a0\u00bb _builder_version=\u00a0\u00bb3.19.12&Prime; header_font=\u00a0\u00bb||||||||\u00a0\u00bb]<\/p>\n<h1>AFFICHE\/FLYERS<\/h1>\n<p>Cr\u00e9ation de l&rsquo;affiche du festival de la Nouvelle Cigale \u00e0 Aigues-Mortes.<br \/>D\u00e9clinaison des visuels en flyers.<\/p>\n<p>[\/et_pb_text][\/et_pb_column][\/et_pb_row][\/et_pb_section][et_pb_section fb_built=\u00a0\u00bb1&Prime; specialty=\u00a0\u00bbon\u00a0\u00bb _builder_version=\u00a0\u00bb3.19.12&Prime; background_color=\u00a0\u00bb#919191&Prime; custom_padding=\u00a0\u00bb0|0px|54px|0px|false|false\u00a0\u00bb][et_pb_column type=\u00a0\u00bb1_2&Prime; _builder_version=\u00a0\u00bb3.0.47&Prime; parallax__hover=\u00a0\u00bboff\u00a0\u00bb parallax_method__hover=\u00a0\u00bbon\u00a0\u00bb parallax=\u00a0\u00bboff\u00a0\u00bb parallax_method=\u00a0\u00bbon\u00a0\u00bb][et_pb_image src=\u00a0\u00bbhttp:\/\/www.leweb.design\/interface\/wp-content\/uploads\/2019\/02\/nvl-a.jpg\u00a0\u00bb _builder_version=\u00a0\u00bb3.19.12&Prime; custom_margin=\u00a0\u00bb-28px||\u00a0\u00bb][\/et_pb_image][\/et_pb_column][et_pb_column type=\u00a0\u00bb1_2&Prime; specialty_columns=\u00a0\u00bb2&Prime; _builder_version=\u00a0\u00bb3.0.47&Prime; parallax__hover=\u00a0\u00bboff\u00a0\u00bb parallax_method__hover=\u00a0\u00bbon\u00a0\u00bb parallax=\u00a0\u00bboff\u00a0\u00bb parallax_method=\u00a0\u00bbon\u00a0\u00bb][et_pb_row_inner custom_padding=\u00a0\u00bb0|0|19px|0px|false|false\u00a0\u00bb _builder_version=\u00a0\u00bb3.19.12&Prime; background_video_width=\u00a0\u00bb500&Prime; background_video_height=\u00a0\u00bb260&Prime; background_video_pause_outside_viewport=\u00a0\u00bboff\u00a0\u00bb][et_pb_column_inner type=\u00a0\u00bb4_4&Prime; saved_specialty_column_type=\u00a0\u00bb1_2&Prime; _builder_version=\u00a0\u00bb3.0.47&Prime; parallax__hover=\u00a0\u00bboff\u00a0\u00bb parallax_method__hover=\u00a0\u00bbon\u00a0\u00bb parallax=\u00a0\u00bboff\u00a0\u00bb parallax_method=\u00a0\u00bbon\u00a0\u00bb][et_pb_image src=\u00a0\u00bbhttp:\/\/www.leweb.design\/interface\/wp-content\/uploads\/2019\/02\/nvl-rec.jpg\u00a0\u00bb _builder_version=\u00a0\u00bb3.19.12&Prime;][\/et_pb_image][et_pb_image src=\u00a0\u00bbhttp:\/\/www.leweb.design\/interface\/wp-content\/uploads\/2019\/02\/nvl-vers.jpg\u00a0\u00bb _builder_version=\u00a0\u00bb3.19.12&Prime;][\/et_pb_image][\/et_pb_column_inner][\/et_pb_row_inner][\/et_pb_column][\/et_pb_section]<\/p>\n","protected":false},"excerpt":{"rendered":"<p>FLYER\/DECLINAISON \u00a0Cr\u00e9ation du flyer pour une soir\u00e9e Parisienne drum&amp;bass. D\u00e9clinaison du flyer en vid\u00e9o pour l&rsquo;\u00e9v\u00e8nement Facebook.AFFICHE\/DECLINAISON Cr\u00e9ation de l&rsquo;affiche du concert de Pierre Mari\u00e9tan. Design inspir\u00e9 des ann\u00e9es 30 revu et corrig\u00e9 fa\u00e7on actuelle.D\u00e9clinaison du design graphique pour support \u00e9cran (\u00e9v\u00e8nement Facebook) et animation vid\u00e9o de type teaser.AFFICHE\/FLYERS Cr\u00e9ation de l&rsquo;affiche du festival de [&hellip;]<\/p>\n","protected":false},"author":1,"featured_media":0,"parent":0,"menu_order":0,"comment_status":"closed","ping_status":"closed","template":"","meta":{"_et_pb_use_builder":"on","_et_pb_old_content":"","_et_gb_content_width":"","footnotes":""},"class_list":["post-674","page","type-page","status-publish","hentry"],"_links":{"self":[{"href":"http:\/\/www.leweb.design\/interface\/wp-json\/wp\/v2\/pages\/674","targetHints":{"allow":["GET"]}}],"collection":[{"href":"http:\/\/www.leweb.design\/interface\/wp-json\/wp\/v2\/pages"}],"about":[{"href":"http:\/\/www.leweb.design\/interface\/wp-json\/wp\/v2\/types\/page"}],"author":[{"embeddable":true,"href":"http:\/\/www.leweb.design\/interface\/wp-json\/wp\/v2\/users\/1"}],"replies":[{"embeddable":true,"href":"http:\/\/www.leweb.design\/interface\/wp-json\/wp\/v2\/comments?post=674"}],"version-history":[{"count":39,"href":"http:\/\/www.leweb.design\/interface\/wp-json\/wp\/v2\/pages\/674\/revisions"}],"predecessor-version":[{"id":855,"href":"http:\/\/www.leweb.design\/interface\/wp-json\/wp\/v2\/pages\/674\/revisions\/855"}],"wp:attachment":[{"href":"http:\/\/www.leweb.design\/interface\/wp-json\/wp\/v2\/media?parent=674"}],"curies":[{"name":"wp","href":"https:\/\/api.w.org\/{rel}","templated":true}]}}